{"id":2049,"date":"2023-01-09T10:47:21","date_gmt":"2023-01-09T09:47:21","guid":{"rendered":"https:\/\/wecare4hair.com\/?page_id=2049"},"modified":"2023-01-18T14:21:20","modified_gmt":"2023-01-18T13:21:20","slug":"produits-de-coiffure-eco-responsables","status":"publish","type":"page","link":"https:\/\/wecare4hair.com\/fr\/kappersmateriaal\/milieuvriendelijke-kappersproducten\/","title":{"rendered":"Produits de coiffure respectueux de l&#039;environnement"},"content":{"rendered":"<div data-elementor-type=\"wp-page\" data-elementor-id=\"2049\" class=\"elementor elementor-2049\" data-elementor-post-type=\"page\">\n\t\t\t\t\t\t<section class=\"elementor-section elementor-top-section elementor-element elementor-element-0a3272a elementor-section-boxed elementor-section-height-default elementor-section-height-default\" data-id=\"0a3272a\" data-element_type=\"section\" data-e-type=\"section\">\n\t\t\t\t\t\t<div class=\"elementor-container elementor-column-gap-default\">\n\t\t\t\t\t<div class=\"elementor-column elementor-col-50 elementor-top-column elementor-element elementor-element-9df3f26\" data-id=\"9df3f26\" data-element_type=\"column\" data-e-type=\"column\">\n\t\t\t<div class=\"elementor-widget-wrap elementor-element-populated\">\n\t\t\t\t\t\t<div class=\"elementor-element elementor-element-c16ce0a elementor-icon-list--layout-traditional elementor-list-item-link-full_width elementor-widget elementor-widget-icon-list\" data-id=\"c16ce0a\" data-element_type=\"widget\" data-e-type=\"widget\" data-widget_type=\"icon-list.default\">\n\t\t\t\t\t\t\t<ul class=\"elementor-icon-list-items\">\n\t\t\t\t\t\t\t<li class=\"elementor-icon-list-item\">\n\t\t\t\t\t\t\t\t\t\t\t<a href=\"https:\/\/wecare4hair.com\/fr\">\n\n\t\t\t\t\t\t\t\t\t\t\t\t<span class=\"elementor-icon-list-icon\">\n\t\t\t\t\t\t\t<i aria-hidden=\"true\" class=\"fas fa-long-arrow-alt-left\"><\/i>\t\t\t\t\t\t<\/span>\n\t\t\t\t\t\t\t\t\t\t<span class=\"elementor-icon-list-text\">RETOUR \u00c0 L'ACCUEIL<\/span>\n\t\t\t\t\t\t\t\t\t\t\t<\/a>\n\t\t\t\t\t\t\t\t\t<\/li>\n\t\t\t\t\t\t<\/ul>\n\t\t\t\t\t\t<\/div>\n\t\t\t\t<div class=\"elementor-element elementor-element-3bdd16c elementor-icon-list--layout-inline elementor-list-item-link-full_width elementor-widget elementor-widget-icon-list\" data-id=\"3bdd16c\" data-element_type=\"widget\" data-e-type=\"widget\" data-widget_type=\"icon-list.default\">\n\t\t\t\t\t\t\t<ul class=\"elementor-icon-list-items elementor-inline-items\">\n\t\t\t\t\t\t\t<li class=\"elementor-icon-list-item elementor-inline-item\">\n\t\t\t\t\t\t\t\t\t\t\t<span class=\"elementor-icon-list-icon\">\n\t\t\t\t\t\t\t<i aria-hidden=\"true\" class=\"fas fa-check-square\"><\/i>\t\t\t\t\t\t<\/span>\n\t\t\t\t\t\t\t\t\t\t<span class=\"elementor-icon-list-text\"> Ecologiquement responsable<\/span>\n\t\t\t\t\t\t\t\t\t<\/li>\n\t\t\t\t\t\t\t\t<li class=\"elementor-icon-list-item elementor-inline-item\">\n\t\t\t\t\t\t\t\t\t\t\t<span class=\"elementor-icon-list-icon\">\n\t\t\t\t\t\t\t<i aria-hidden=\"true\" class=\"fas fa-check-square\"><\/i>\t\t\t\t\t\t<\/span>\n\t\t\t\t\t\t\t\t\t\t<span class=\"elementor-icon-list-text\">Pack de d\u00e9marrage avec mat\u00e9riel<\/span>\n\t\t\t\t\t\t\t\t\t<\/li>\n\t\t\t\t\t\t\t\t<li class=\"elementor-icon-list-item elementor-inline-item\">\n\t\t\t\t\t\t\t\t\t\t\t<span class=\"elementor-icon-list-icon\">\n\t\t\t\t\t\t\t<i aria-hidden=\"true\" class=\"fas fa-check-square\"><\/i>\t\t\t\t\t\t<\/span>\n\t\t\t\t\t\t\t\t\t\t<span class=\"elementor-icon-list-text\">Livraison et ramassage<\/span>\n\t\t\t\t\t\t\t\t\t<\/li>\n\t\t\t\t\t\t<\/ul>\n\t\t\t\t\t\t<\/div>\n\t\t\t\t<div class=\"elementor-element elementor-element-5c8ce54 elementor-widget elementor-widget-heading\" data-id=\"5c8ce54\" data-element_type=\"widget\" data-e-type=\"widget\" data-widget_type=\"heading.default\">\n\t\t\t\t\t<h1 class=\"elementor-heading-title elementor-size-default\">Produits de coiffure respectueux de l&#039;environnement<\/h1>\t\t\t\t<\/div>\n\t\t\t\t<div data-dce-text-color=\"#000000\" class=\"elementor-element elementor-element-8cf697d elementor-widget elementor-widget-text-editor\" data-id=\"8cf697d\" data-element_type=\"widget\" data-e-type=\"widget\" data-widget_type=\"text-editor.default\">\n\t\t\t\t\t\t\t\t\t<p>Vous souhaitez investir dans des produits de coiffure respectueux de l&#039;environnement ? Alors vous \u00eates d\u00e9finitivement au bon endroit chez WeCare4Hair. Nous offrons une solution \u00e9cologique pour chaque coiffeur professionnel ou amateur passionn\u00e9 de cheveux. Chez nous, vous trouverez des produits de coiffure respectueux de l&#039;environnement pour la coloration, la coupe et les soins. Lisez-en plus ci-dessous et d\u00e9couvrez-en plus sur notre offre durable !<\/p><p>Curieux de savoir ce que nous pouvons faire pour vous en tant que grossiste en coiffure ?<\/p>\t\t\t\t\t\t\t\t<\/div>\n\t\t\t\t<div data-dce-background-color=\"#000000\" class=\"elementor-element elementor-element-cae45f5 elementor-align-left elementor-widget elementor-widget-button\" data-id=\"cae45f5\" data-element_type=\"widget\" data-e-type=\"widget\" data-widget_type=\"button.default\">\n\t\t\t\t\t\t\t\t\t\t<a class=\"elementor-button elementor-button-link elementor-size-sm\" href=\"https:\/\/wecare4hair.com\/fr\/des-produits\/\">\n\t\t\t\t\t\t<span class=\"elementor-button-content-wrapper\">\n\t\t\t\t\t\t\t\t\t<span class=\"elementor-button-text\">Voir nos produits<\/span>\n\t\t\t\t\t<\/span>\n\t\t\t\t\t<\/a>\n\t\t\t\t\t\t\t\t<\/div>\n\t\t\t\t<div class=\"elementor-element elementor-element-11bfd83 elementor-widget elementor-widget-heading\" data-id=\"11bfd83\" data-element_type=\"widget\" data-e-type=\"widget\" data-widget_type=\"heading.default\">\n\t\t\t\t\t<h2 class=\"elementor-heading-title elementor-size-default\">Quels produits de coiffure \u00e9cologiques commandez-vous ?\n<\/h2>\t\t\t\t<\/div>\n\t\t\t\t<div data-dce-text-color=\"#000000\" class=\"elementor-element elementor-element-5a27a59 elementor-widget elementor-widget-text-editor\" data-id=\"5a27a59\" data-element_type=\"widget\" data-e-type=\"widget\" data-widget_type=\"text-editor.default\">\n\t\t\t\t\t\t\t\t\t<p>Nous avons les articles parfaits disponibles pour chaque coiffeur qui veut faire une diff\u00e9rence pour notre plan\u00e8te. Par exemple, pensez \u00e0 :<\/p><ul><li>Serviettes jetables : compl\u00e8tement transform\u00e9es en compost apr\u00e8s 100 jours ;<\/li><li>Pots jetables \u00e9cologiques : 100% biod\u00e9gradable ;<\/li><li>Pommeau de douche \u00e0 \u00e9conomie d&#039;eau d&#039;Ecoheads : se rince plus rapidement gr\u00e2ce \u00e0 une pression d&#039;eau accrue ;<\/li><li>Manteaux \u00e0 capuche : 100% Manteaux \u00e0 capuche biod\u00e9gradables.<\/li><\/ul><p>Consultez notre offre en ligne et choisissez les produits de coiffure \u00e9cologiques qui vous conviennent le mieux. Assurez-vous de lire ce que d&#039;autres professionnels ont \u00e0 dire sur nos produits\u00a0!<\/p>\t\t\t\t\t\t\t\t<\/div>\n\t\t\t\t<div class=\"elementor-element elementor-element-af29cdc elementor-widget elementor-widget-heading\" data-id=\"af29cdc\" data-element_type=\"widget\" data-e-type=\"widget\" data-widget_type=\"heading.default\">\n\t\t\t\t\t<h2 class=\"elementor-heading-title elementor-size-default\">Commandez vos produits de coiffure aujourd&#039;hui<\/h2>\t\t\t\t<\/div>\n\t\t\t\t<div data-dce-text-color=\"#000000\" class=\"elementor-element elementor-element-3693278 elementor-widget elementor-widget-text-editor\" data-id=\"3693278\" data-element_type=\"widget\" data-e-type=\"widget\" data-widget_type=\"text-editor.default\">\n\t\t\t\t\t\t\t\t\t<p>Vous avez d\u00e9j\u00e0 fait votre choix entre nos produits de coiffure \u00e9cologiques ? Ou est-ce que la commande en ligne est un peu difficile? Les experts de WeCare4Hair sont pr\u00eats \u00e0 vous aider le plus rapidement possible avec une r\u00e9ponse \u00e0 toutes vos questions. Posez votre question via\u00a0<a href=\"https:\/\/wecare4hair.com\/fr\/contact\/\">le formulaire de contact en ligne<\/a>, appelez le num\u00e9ro\u00a0<a href=\"tel:0032468150723\">+32 468 150 723<\/a>\u00a0ou envoyez simplement un e-mail \u00e0\u00a0<a href=\"mailto:info@wecare4hair.com\">info@wecare4hair.com<\/a>.<\/p>\t\t\t\t\t\t\t\t<\/div>\n\t\t\t\t<div data-dce-text-color=\"#000000\" class=\"elementor-element elementor-element-5fd6913 elementor-widget elementor-widget-text-editor\" data-id=\"5fd6913\" data-element_type=\"widget\" data-e-type=\"widget\" data-widget_type=\"text-editor.default\">\n\t\t\t\t\t\t\t\t\t<p>D&#039;autres ont \u00e9galement consult\u00e9\u00a0: <a href=\"https:\/\/wecare4hair.com\/fr\/materiel-de-coiffure\/plateaux-jetables\/\">Plateaux jetables<\/a> &#8211; <a href=\"https:\/\/wecare4hair.com\/fr\/materiel-de-coiffure\/coiffure-en-gros\/\">Coiffure en gros<\/a><\/p>\t\t\t\t\t\t\t\t<\/div>\n\t\t\t\t\t<\/div>\n\t\t<\/div>\n\t\t\t\t<div class=\"elementor-column elementor-col-50 elementor-top-column elementor-element elementor-element-2d37f2e\" data-id=\"2d37f2e\" data-element_type=\"column\" data-e-type=\"column\">\n\t\t\t<div class=\"elementor-widget-wrap\">\n\t\t\t\t\t\t\t<\/div>\n\t\t<\/div>\n\t\t\t\t\t<\/div>\n\t\t<\/section>\n\t\t\t\t<section class=\"elementor-section elementor-top-section elementor-element elementor-element-5a4ea75 elementor-section-full_width elementor-section-height-default elementor-section-height-default\" data-id=\"5a4ea75\" data-element_type=\"section\" data-e-type=\"section\">\n\t\t\t\t\t\t<div class=\"elementor-container elementor-column-gap-no\">\n\t\t\t\t\t<div class=\"elementor-column elementor-col-100 elementor-top-column elementor-element elementor-element-2df7488\" data-id=\"2df7488\" data-element_type=\"column\" data-e-type=\"column\">\n\t\t\t<div class=\"elementor-widget-wrap elementor-element-populated\">\n\t\t\t\t\t\t<div class=\"elementor-element elementor-element-5fda2c5 elementor-widget elementor-widget-image-carousel\" data-id=\"5fda2c5\" data-element_type=\"widget\" data-e-type=\"widget\" data-settings=\"{&quot;slides_to_show&quot;:&quot;4&quot;,&quot;slides_to_scroll&quot;:&quot;1&quot;,&quot;navigation&quot;:&quot;none&quot;,&quot;pause_on_hover&quot;:&quot;no&quot;,&quot;pause_on_interaction&quot;:&quot;no&quot;,&quot;autoplay_speed&quot;:0,&quot;speed&quot;:8000,&quot;autoplay&quot;:&quot;yes&quot;,&quot;infinite&quot;:&quot;yes&quot;,&quot;image_spacing_custom&quot;:{&quot;unit&quot;:&quot;px&quot;,&quot;size&quot;:20,&quot;sizes&quot;:[]},&quot;image_spacing_custom_tablet&quot;:{&quot;unit&quot;:&quot;px&quot;,&quot;size&quot;:&quot;&quot;,&quot;sizes&quot;:[]},&quot;image_spacing_custom_mobile&quot;:{&quot;unit&quot;:&quot;px&quot;,&quot;size&quot;:&quot;&quot;,&quot;sizes&quot;:[]}}\" data-widget_type=\"image-carousel.default\">\n\t\t\t\t\t\t\t<div class=\"elementor-image-carousel-wrapper swiper\" role=\"region\" aria-roledescription=\"carousel\" aria-label=\"Carrousel d\u2019images\" dir=\"ltr\">\n\t\t\t<div class=\"elementor-image-carousel swiper-wrapper swiper-image-stretch\" aria-live=\"off\">\n\t\t\t\t\t\t\t\t<div class=\"swiper-slide\" role=\"group\" aria-roledescription=\"slide\" aria-label=\"1 \u00e0 4\"><figure class=\"swiper-slide-inner\"><img decoding=\"async\" class=\"swiper-slide-image\" src=\"https:\/\/wecare4hair.com\/wp-content\/uploads\/2022\/08\/Scrummi-220.jpg\" alt=\"Scrummi-220\" \/><\/figure><\/div><div class=\"swiper-slide\" role=\"group\" aria-roledescription=\"slide\" aria-label=\"2 sur 4\"><figure class=\"swiper-slide-inner\"><img decoding=\"async\" class=\"swiper-slide-image\" src=\"https:\/\/wecare4hair.com\/wp-content\/uploads\/2022\/08\/Scrummi-217.jpg\" alt=\"m\u00eal\u00e9e-217\" \/><\/figure><\/div><div class=\"swiper-slide\" role=\"group\" aria-roledescription=\"slide\" aria-label=\"3 sur 4\"><figure class=\"swiper-slide-inner\"><img decoding=\"async\" class=\"swiper-slide-image\" src=\"https:\/\/wecare4hair.com\/wp-content\/uploads\/2022\/08\/Scrummi-188.jpg\" alt=\"m\u00eal\u00e9e-188\" \/><\/figure><\/div><div class=\"swiper-slide\" role=\"group\" aria-roledescription=\"slide\" aria-label=\"4 sur 4\"><figure class=\"swiper-slide-inner\"><img decoding=\"async\" class=\"swiper-slide-image\" src=\"https:\/\/wecare4hair.com\/wp-content\/uploads\/2022\/07\/Scrummi_stacking_photo-scaled.jpg\" alt=\"Scrummi_stacking_photo\" \/><\/figure><\/div>\t\t\t<\/div>\n\t\t\t\t\t\t\t\n\t\t\t\t\t\t\t\t\t<\/div>\n\t\t\t\t\t\t<\/div>\n\t\t\t\t\t<\/div>\n\t\t<\/div>\n\t\t\t\t\t<\/div>\n\t\t<\/section>\n\t\t\t\t<\/div>","protected":false},"excerpt":{"rendered":"<p>TERUG NAAR HOME Ecologisch verantwoord Starterspakket met materiaal Bezorgen en afhalen Milieuvriendelijke kappersproducten Wilt u graag investeren in milieuvriendelijke kappersproducten? Dan zit u zeker en vast goed bij WeCare4Hair. Wij bieden namelijk een ecologische oplossing voor elke professionele kapper of hobbyist met een passie voor haar. Bij ons vindt u zowel milieuvriendelijke kappersproducten om te [&hellip;]<\/p>\n","protected":false},"author":1,"featured_media":0,"parent":1960,"menu_order":0,"comment_status":"closed","ping_status":"closed","template":"elementor_header_footer","meta":{"_acf_changed":false,"footnotes":""},"class_list":["post-2049","page","type-page","status-publish","hentry"],"acf":[],"yoast_head":"<!-- This site is optimized with the Yoast SEO plugin v27.5 - https:\/\/yoast.com\/product\/yoast-seo-wordpress\/ -->\n<title>Milieuvriendelijke kappersproducten - WeCare4Hair<\/title>\n<meta name=\"robots\" content=\"index, follow, max-snippet:-1, max-image-preview:large, max-video-preview:-1\" \/>\n<link rel=\"canonical\" href=\"https:\/\/wecare4hair.com\/fr\/materiel-de-coiffure\/produits-de-coiffure-eco-responsables\/\" \/>\n<meta property=\"og:locale\" content=\"fr_FR\" \/>\n<meta property=\"og:type\" content=\"article\" \/>\n<meta property=\"og:title\" content=\"Milieuvriendelijke kappersproducten - WeCare4Hair\" \/>\n<meta property=\"og:description\" content=\"TERUG NAAR HOME Ecologisch verantwoord Starterspakket met materiaal Bezorgen en afhalen Milieuvriendelijke kappersproducten Wilt u graag investeren in milieuvriendelijke kappersproducten? Dan zit u zeker en vast goed bij WeCare4Hair. Wij bieden namelijk een ecologische oplossing voor elke professionele kapper of hobbyist met een passie voor haar. Bij ons vindt u zowel milieuvriendelijke kappersproducten om te [&hellip;]\" \/>\n<meta property=\"og:url\" content=\"https:\/\/wecare4hair.com\/fr\/materiel-de-coiffure\/produits-de-coiffure-eco-responsables\/\" \/>\n<meta property=\"og:site_name\" content=\"WeCare4Hair\" \/>\n<meta property=\"article:publisher\" content=\"https:\/\/www.facebook.com\/WeCare4Hair\" \/>\n<meta property=\"article:modified_time\" content=\"2023-01-18T13:21:20+00:00\" \/>\n<meta property=\"og:image\" content=\"https:\/\/wecare4hair.com\/wp-content\/uploads\/2022\/08\/Scrummi-220.jpg\" \/>\n<meta name=\"twitter:card\" content=\"summary_large_image\" \/>\n<meta name=\"twitter:label1\" content=\"Dur\u00e9e de lecture estim\u00e9e\" \/>\n\t<meta name=\"twitter:data1\" content=\"1 minute\" \/>\n<script type=\"application\/ld+json\" class=\"yoast-schema-graph\">{\"@context\":\"https:\\\/\\\/schema.org\",\"@graph\":[{\"@type\":\"WebPage\",\"@id\":\"https:\\\/\\\/wecare4hair.com\\\/kappersmateriaal\\\/milieuvriendelijke-kappersproducten\\\/\",\"url\":\"https:\\\/\\\/wecare4hair.com\\\/kappersmateriaal\\\/milieuvriendelijke-kappersproducten\\\/\",\"name\":\"Milieuvriendelijke kappersproducten - WeCare4Hair\",\"isPartOf\":{\"@id\":\"https:\\\/\\\/wecare4hair.com\\\/#website\"},\"primaryImageOfPage\":{\"@id\":\"https:\\\/\\\/wecare4hair.com\\\/kappersmateriaal\\\/milieuvriendelijke-kappersproducten\\\/#primaryimage\"},\"image\":{\"@id\":\"https:\\\/\\\/wecare4hair.com\\\/kappersmateriaal\\\/milieuvriendelijke-kappersproducten\\\/#primaryimage\"},\"thumbnailUrl\":\"https:\\\/\\\/wecare4hair.com\\\/wp-content\\\/uploads\\\/2022\\\/08\\\/Scrummi-220.jpg\",\"datePublished\":\"2023-01-09T09:47:21+00:00\",\"dateModified\":\"2023-01-18T13:21:20+00:00\",\"breadcrumb\":{\"@id\":\"https:\\\/\\\/wecare4hair.com\\\/kappersmateriaal\\\/milieuvriendelijke-kappersproducten\\\/#breadcrumb\"},\"inLanguage\":\"fr-FR\",\"potentialAction\":[{\"@type\":\"ReadAction\",\"target\":[\"https:\\\/\\\/wecare4hair.com\\\/kappersmateriaal\\\/milieuvriendelijke-kappersproducten\\\/\"]}]},{\"@type\":\"ImageObject\",\"inLanguage\":\"fr-FR\",\"@id\":\"https:\\\/\\\/wecare4hair.com\\\/kappersmateriaal\\\/milieuvriendelijke-kappersproducten\\\/#primaryimage\",\"url\":\"https:\\\/\\\/wecare4hair.com\\\/wp-content\\\/uploads\\\/2022\\\/08\\\/Scrummi-220.jpg\",\"contentUrl\":\"https:\\\/\\\/wecare4hair.com\\\/wp-content\\\/uploads\\\/2022\\\/08\\\/Scrummi-220.jpg\"},{\"@type\":\"BreadcrumbList\",\"@id\":\"https:\\\/\\\/wecare4hair.com\\\/kappersmateriaal\\\/milieuvriendelijke-kappersproducten\\\/#breadcrumb\",\"itemListElement\":[{\"@type\":\"ListItem\",\"position\":1,\"name\":\"Home\",\"item\":\"https:\\\/\\\/wecare4hair.com\\\/\"},{\"@type\":\"ListItem\",\"position\":2,\"name\":\"Kappersmateriaal\",\"item\":\"https:\\\/\\\/wecare4hair.com\\\/kappersmateriaal\\\/\"},{\"@type\":\"ListItem\",\"position\":3,\"name\":\"Milieuvriendelijke kappersproducten\"}]},{\"@type\":\"WebSite\",\"@id\":\"https:\\\/\\\/wecare4hair.com\\\/#website\",\"url\":\"https:\\\/\\\/wecare4hair.com\\\/\",\"name\":\"WeCare4Hair\",\"description\":\"Kwalitatief hoogwaardig kappersmateriaal\",\"publisher\":{\"@id\":\"https:\\\/\\\/wecare4hair.com\\\/#organization\"},\"potentialAction\":[{\"@type\":\"SearchAction\",\"target\":{\"@type\":\"EntryPoint\",\"urlTemplate\":\"https:\\\/\\\/wecare4hair.com\\\/?s={search_term_string}\"},\"query-input\":{\"@type\":\"PropertyValueSpecification\",\"valueRequired\":true,\"valueName\":\"search_term_string\"}}],\"inLanguage\":\"fr-FR\"},{\"@type\":\"Organization\",\"@id\":\"https:\\\/\\\/wecare4hair.com\\\/#organization\",\"name\":\"WeCare4Hair\",\"url\":\"https:\\\/\\\/wecare4hair.com\\\/\",\"logo\":{\"@type\":\"ImageObject\",\"inLanguage\":\"fr-FR\",\"@id\":\"https:\\\/\\\/wecare4hair.com\\\/#\\\/schema\\\/logo\\\/image\\\/\",\"url\":\"https:\\\/\\\/wecare4hair.com\\\/wp-content\\\/uploads\\\/2023\\\/03\\\/Wecareforhairlogo.png\",\"contentUrl\":\"https:\\\/\\\/wecare4hair.com\\\/wp-content\\\/uploads\\\/2023\\\/03\\\/Wecareforhairlogo.png\",\"width\":614,\"height\":124,\"caption\":\"WeCare4Hair\"},\"image\":{\"@id\":\"https:\\\/\\\/wecare4hair.com\\\/#\\\/schema\\\/logo\\\/image\\\/\"},\"sameAs\":[\"https:\\\/\\\/www.facebook.com\\\/WeCare4Hair\",\"https:\\\/\\\/www.instagram.com\\\/we_care_4_hair\\\/\"]}]}<\/script>\n<!-- \/ Yoast SEO plugin. -->","yoast_head_json":{"title":"Produits de coiffure respectueux de l&#039;environnement - WeCare4Hair","robots":{"index":"index","follow":"follow","max-snippet":"max-snippet:-1","max-image-preview":"max-image-preview:large","max-video-preview":"max-video-preview:-1"},"canonical":"https:\/\/wecare4hair.com\/fr\/materiel-de-coiffure\/produits-de-coiffure-eco-responsables\/","og_locale":"fr_FR","og_type":"article","og_title":"Milieuvriendelijke kappersproducten - WeCare4Hair","og_description":"TERUG NAAR HOME Ecologisch verantwoord Starterspakket met materiaal Bezorgen en afhalen Milieuvriendelijke kappersproducten Wilt u graag investeren in milieuvriendelijke kappersproducten? Dan zit u zeker en vast goed bij WeCare4Hair. Wij bieden namelijk een ecologische oplossing voor elke professionele kapper of hobbyist met een passie voor haar. Bij ons vindt u zowel milieuvriendelijke kappersproducten om te [&hellip;]","og_url":"https:\/\/wecare4hair.com\/fr\/materiel-de-coiffure\/produits-de-coiffure-eco-responsables\/","og_site_name":"WeCare4Hair","article_publisher":"https:\/\/www.facebook.com\/WeCare4Hair","article_modified_time":"2023-01-18T13:21:20+00:00","og_image":[{"url":"https:\/\/wecare4hair.com\/wp-content\/uploads\/2022\/08\/Scrummi-220.jpg","type":"","width":"","height":""}],"twitter_card":"summary_large_image","twitter_misc":{"Dur\u00e9e de lecture estim\u00e9e":"1 minute"},"schema":{"@context":"https:\/\/schema.org","@graph":[{"@type":"WebPage","@id":"https:\/\/wecare4hair.com\/kappersmateriaal\/milieuvriendelijke-kappersproducten\/","url":"https:\/\/wecare4hair.com\/kappersmateriaal\/milieuvriendelijke-kappersproducten\/","name":"Produits de coiffure respectueux de l&#039;environnement - WeCare4Hair","isPartOf":{"@id":"https:\/\/wecare4hair.com\/#website"},"primaryImageOfPage":{"@id":"https:\/\/wecare4hair.com\/kappersmateriaal\/milieuvriendelijke-kappersproducten\/#primaryimage"},"image":{"@id":"https:\/\/wecare4hair.com\/kappersmateriaal\/milieuvriendelijke-kappersproducten\/#primaryimage"},"thumbnailUrl":"https:\/\/wecare4hair.com\/wp-content\/uploads\/2022\/08\/Scrummi-220.jpg","datePublished":"2023-01-09T09:47:21+00:00","dateModified":"2023-01-18T13:21:20+00:00","breadcrumb":{"@id":"https:\/\/wecare4hair.com\/kappersmateriaal\/milieuvriendelijke-kappersproducten\/#breadcrumb"},"inLanguage":"fr-FR","potentialAction":[{"@type":"ReadAction","target":["https:\/\/wecare4hair.com\/kappersmateriaal\/milieuvriendelijke-kappersproducten\/"]}]},{"@type":"ImageObject","inLanguage":"fr-FR","@id":"https:\/\/wecare4hair.com\/kappersmateriaal\/milieuvriendelijke-kappersproducten\/#primaryimage","url":"https:\/\/wecare4hair.com\/wp-content\/uploads\/2022\/08\/Scrummi-220.jpg","contentUrl":"https:\/\/wecare4hair.com\/wp-content\/uploads\/2022\/08\/Scrummi-220.jpg"},{"@type":"BreadcrumbList","@id":"https:\/\/wecare4hair.com\/kappersmateriaal\/milieuvriendelijke-kappersproducten\/#breadcrumb","itemListElement":[{"@type":"ListItem","position":1,"name":"Home","item":"https:\/\/wecare4hair.com\/"},{"@type":"ListItem","position":2,"name":"Kappersmateriaal","item":"https:\/\/wecare4hair.com\/kappersmateriaal\/"},{"@type":"ListItem","position":3,"name":"Milieuvriendelijke kappersproducten"}]},{"@type":"WebSite","@id":"https:\/\/wecare4hair.com\/#website","url":"https:\/\/wecare4hair.com\/","name":"WeCare4Hair","description":"Mat\u00e9riel de coiffure de haute qualit\u00e9","publisher":{"@id":"https:\/\/wecare4hair.com\/#organization"},"potentialAction":[{"@type":"SearchAction","target":{"@type":"EntryPoint","urlTemplate":"https:\/\/wecare4hair.com\/?s={search_term_string}"},"query-input":{"@type":"PropertyValueSpecification","valueRequired":true,"valueName":"search_term_string"}}],"inLanguage":"fr-FR"},{"@type":"Organization","@id":"https:\/\/wecare4hair.com\/#organization","name":"WeCare4Hair","url":"https:\/\/wecare4hair.com\/","logo":{"@type":"ImageObject","inLanguage":"fr-FR","@id":"https:\/\/wecare4hair.com\/#\/schema\/logo\/image\/","url":"https:\/\/wecare4hair.com\/wp-content\/uploads\/2023\/03\/Wecareforhairlogo.png","contentUrl":"https:\/\/wecare4hair.com\/wp-content\/uploads\/2023\/03\/Wecareforhairlogo.png","width":614,"height":124,"caption":"WeCare4Hair"},"image":{"@id":"https:\/\/wecare4hair.com\/#\/schema\/logo\/image\/"},"sameAs":["https:\/\/www.facebook.com\/WeCare4Hair","https:\/\/www.instagram.com\/we_care_4_hair\/"]}]}},"_links":{"self":[{"href":"https:\/\/wecare4hair.com\/fr\/wp-json\/wp\/v2\/pages\/2049","targetHints":{"allow":["GET"]}}],"collection":[{"href":"https:\/\/wecare4hair.com\/fr\/wp-json\/wp\/v2\/pages"}],"about":[{"href":"https:\/\/wecare4hair.com\/fr\/wp-json\/wp\/v2\/types\/page"}],"author":[{"embeddable":true,"href":"https:\/\/wecare4hair.com\/fr\/wp-json\/wp\/v2\/users\/1"}],"replies":[{"embeddable":true,"href":"https:\/\/wecare4hair.com\/fr\/wp-json\/wp\/v2\/comments?post=2049"}],"version-history":[{"count":0,"href":"https:\/\/wecare4hair.com\/fr\/wp-json\/wp\/v2\/pages\/2049\/revisions"}],"up":[{"embeddable":true,"href":"https:\/\/wecare4hair.com\/fr\/wp-json\/wp\/v2\/pages\/1960"}],"wp:attachment":[{"href":"https:\/\/wecare4hair.com\/fr\/wp-json\/wp\/v2\/media?parent=2049"}],"curies":[{"name":"wp","href":"https:\/\/api.w.org\/{rel}","templated":true}]}}