{"id":153,"date":"2022-08-10T11:13:51","date_gmt":"2022-08-10T09:13:51","guid":{"rendered":"https:\/\/wecare4hair.com\/?page_id=153"},"modified":"2022-09-27T15:17:44","modified_gmt":"2022-09-27T13:17:44","slug":"politique-de-confidentialite","status":"publish","type":"page","link":"https:\/\/wecare4hair.com\/fr\/privacy-policy\/","title":{"rendered":"Politique de confidentialit\u00e9"},"content":{"rendered":"<div data-elementor-type=\"wp-page\" data-elementor-id=\"153\" class=\"elementor elementor-153\" data-elementor-post-type=\"page\">\n\t\t\t\t\t\t<section class=\"elementor-section elementor-top-section elementor-element elementor-element-a6bae94 elementor-section-boxed elementor-section-height-default elementor-section-height-default\" data-id=\"a6bae94\" data-element_type=\"section\" data-e-type=\"section\">\n\t\t\t\t\t\t<div class=\"elementor-container elementor-column-gap-default\">\n\t\t\t\t\t<div class=\"elementor-column elementor-col-100 elementor-top-column elementor-element elementor-element-3bad5ad\" data-id=\"3bad5ad\" data-element_type=\"column\" data-e-type=\"column\">\n\t\t\t<div class=\"elementor-widget-wrap elementor-element-populated\">\n\t\t\t\t\t\t<div class=\"elementor-element elementor-element-a034494 elementor-icon-list--layout-traditional elementor-list-item-link-full_width elementor-widget elementor-widget-icon-list\" data-id=\"a034494\" data-element_type=\"widget\" data-e-type=\"widget\" data-widget_type=\"icon-list.default\">\n\t\t\t\t\t\t\t<ul class=\"elementor-icon-list-items\">\n\t\t\t\t\t\t\t<li class=\"elementor-icon-list-item\">\n\t\t\t\t\t\t\t\t\t\t\t<a href=\"https:\/\/wecare4hair.com\/fr\">\n\n\t\t\t\t\t\t\t\t\t\t\t\t<span class=\"elementor-icon-list-icon\">\n\t\t\t\t\t\t\t<i aria-hidden=\"true\" class=\"fas fa-long-arrow-alt-left\"><\/i>\t\t\t\t\t\t<\/span>\n\t\t\t\t\t\t\t\t\t\t<span class=\"elementor-icon-list-text\">RETOUR \u00c0 L'ACCUEIL<\/span>\n\t\t\t\t\t\t\t\t\t\t\t<\/a>\n\t\t\t\t\t\t\t\t\t<\/li>\n\t\t\t\t\t\t<\/ul>\n\t\t\t\t\t\t<\/div>\n\t\t\t\t<div data-dce-title-color=\"#000000\" class=\"elementor-element elementor-element-fcf273a elementor-widget elementor-widget-heading\" data-id=\"fcf273a\" data-element_type=\"widget\" data-e-type=\"widget\" data-widget_type=\"heading.default\">\n\t\t\t\t\t<h1 class=\"elementor-heading-title elementor-size-default\">Politique de confidentialit\u00e9<\/h1>\t\t\t\t<\/div>\n\t\t\t\t<div class=\"elementor-element elementor-element-a9b6106 elementor-widget elementor-widget-text-editor\" data-id=\"a9b6106\" data-element_type=\"widget\" data-e-type=\"widget\" data-widget_type=\"text-editor.default\">\n\t\t\t\t\t\t\t\t\t<p>Ceci est la politique de confidentialit\u00e9 de WeCare4Hair. Cette politique de confidentialit\u00e9 explique quelles donn\u00e9es nous collectons, comment nous les obtenons et \u00e0 quelles fins nous les utilisons. Les informations que nous traitons \u00e0 votre sujet sont trait\u00e9es et s\u00e9curis\u00e9es avec le plus grand soin possible. Le traitement des donn\u00e9es personnelles est effectu\u00e9 d&#039;une mani\u00e8re conforme \u00e0 la loi sur la protection des donn\u00e9es personnelles.<\/p>\n<p><strong>Donn\u00e9es collect\u00e9es et finalit\u00e9s du traitement<\/strong><\/p>\n<p>En utilisant nos services, vous nous laissez certaines informations. Cela peut concerner des donn\u00e9es telles que le nom et l&#039;adresse, l&#039;adresse e-mail, le num\u00e9ro de t\u00e9l\u00e9phone et les d\u00e9tails de paiement. WeCare4Hair collecte et traite les donn\u00e9es personnelles aux fins suivantes :<\/p>\n<ol>\n<li>Pour ex\u00e9cuter l&#039;accord conclu avec vous<\/li>\n<li>Pour vous informer de l&#039;avancement de votre commande<\/li>\n<li>S\u00e9curiser, maintenir et optimiser le site Web et les technologies associ\u00e9es<\/li>\n<\/ol>\n<p>Les donn\u00e9es personnelles ne seront pas fournies \u00e0 des tiers, sauf si WeCare4Hair y est contraint par la loi ou la r\u00e9glementation.<\/p>\n<p><strong>Utilisation de cookies<\/strong><\/p>\n<p>Les cookies sont de simples petits fichiers texte qui sont stock\u00e9s sur le disque dur ou la m\u00e9moire de votre ordinateur. Les cookies ne peuvent pas endommager votre ordinateur ou les fichiers sur votre ordinateur. Les cookies peuvent \u00eatre utilis\u00e9s pour garantir, entre autres, que vous n&#039;ayez pas \u00e0 saisir plusieurs fois les m\u00eames informations lors de la visite de notre site Web. Par exemple, WeCare4Hair utilise des cookies pour garder une trace des produits que vous avez dans votre panier. La plupart des navigateurs peuvent \u00eatre configur\u00e9s pour ne pas accepter les cookies ou pour vous avertir lorsque vous recevez un cookie.<\/p>\n<p><strong>boutons de m\u00e9dias sociaux<\/strong><\/p>\n<p>Des boutons de m\u00e9dias sociaux sont inclus sur le site Web. Avec cela, les administrateurs de ces services collectent vos donn\u00e9es personnelles.<\/p>\n<p><strong>D\u00e9lais de conservation<\/strong><\/p>\n<div><span lang=\"EN-US\"><span style=\"font-size: 1rem;\">WeCare4Hair<\/span>&nbsp;ne conserve pas les donn\u00e9es personnelles plus longtemps que n\u00e9cessaire \u00e0 la r\u00e9alisation des finalit\u00e9s pour lesquelles elles sont collect\u00e9es ou trait\u00e9es ult\u00e9rieurement.&nbsp;<\/span><\/div>\n<p><strong><br>S\u00e9curit\u00e9<\/strong><\/p>\n<p><span style=\"font-size: 1rem;\">WeCare4Hair<\/span>&nbsp;a pris les mesures techniques et organisationnelles appropri\u00e9es pour prot\u00e9ger vos donn\u00e9es contre la perte ou contre toute forme de traitement illicite.<\/p>\n<p><strong>Sites Web tiers<\/strong><\/p>\n<p>Cette politique de confidentialit\u00e9 ne s&#039;applique pas aux sites Web de tiers qui sont connect\u00e9s \u00e0 ce site Web au moyen d&#039;hyperliens. WeCare4Hair ne peut garantir que des tiers traiteront vos donn\u00e9es personnelles de mani\u00e8re fiable ou s\u00e9curis\u00e9e.<\/p>\n<p><strong>Acc\u00e8s, rectification et droit d&#039;opposition<\/strong><\/p>\n<p>Vous pouvez nous soumettre une demande d&#039;acc\u00e8s \u00e0 vos donn\u00e9es ou de modification de vos donn\u00e9es si elles sont incorrectes, incompl\u00e8tes ou non pertinentes. De plus, vous pouvez nous informer si vous ne souhaitez pas \u00eatre contact\u00e9 avec des informations sur nos produits et services. Dans tous les cas, vous pouvez envoyer un e-mail \u00e0&nbsp;<a href=\"mailto:info@raramurisandals.com\">info@wecare4hair.com<\/a>&nbsp;ou utilisez l&#039;adresse suivante de notre part\u00a0:<\/p>\n<p>Rue Neer 35<br><span style=\"font-size: 1rem;\">3980 Tessenderlo<br><\/span><span style=\"font-size: 1rem;\">Belgique<\/span><\/p>\n<p><strong>changements<\/strong><\/p>\n<p><span style=\"font-size: 1rem;\">WeCare4Hair<\/span>&nbsp;continue de d\u00e9velopper et d&#039;optimiser ses services. Cette politique de confidentialit\u00e9 peut \u00eatre modifi\u00e9e de temps \u00e0 autre en cons\u00e9quence. WeCare4Hair vous conseille donc de consulter r\u00e9guli\u00e8rement cette politique de confidentialit\u00e9.<\/p>\n<p><strong>Demander<\/strong><\/p>\n<p>Si vous avez des questions concernant cette politique de confidentialit\u00e9, vous pouvez contacter WeCare4Hair en envoyant un e-mail \u00e0&nbsp;<a href=\"mailto:info@raramurisandals.com\" style=\"font-size: 1rem; background-color: rgb(255, 255, 255);\">info@wecare4hair.com<\/a>.<\/p>\t\t\t\t\t\t\t\t<\/div>\n\t\t\t\t\t<\/div>\n\t\t<\/div>\n\t\t\t\t\t<\/div>\n\t\t<\/section>\n\t\t\t\t<\/div>","protected":false},"excerpt":{"rendered":"<p>TERUG NAAR HOME Dit is de privacy policy van WeCare4Hair. In deze privacy policy wordt uitgelegd welke gegevens wij verzamelen, hoe wij aan de gegevens komen en voor welke doeleinden wij deze gebruiken. De informatie die wij over u verwerken, wordt met de grootst mogelijke zorgvuldigheid behandeld en beveiligd. Verwerking van de persoonsgegevens gebeurt op [&hellip;]<\/p>\n","protected":false},"author":1,"featured_media":0,"parent":0,"menu_order":0,"comment_status":"closed","ping_status":"closed","template":"elementor_header_footer","meta":{"_acf_changed":false,"footnotes":""},"class_list":["post-153","page","type-page","status-publish","hentry"],"acf":[],"yoast_head":"<!-- This site is optimized with the Yoast SEO plugin v27.5 - https:\/\/yoast.com\/product\/yoast-seo-wordpress\/ -->\n<title>Privacy policy - WeCare4Hair<\/title>\n<meta name=\"robots\" content=\"index, follow, max-snippet:-1, max-image-preview:large, max-video-preview:-1\" \/>\n<link rel=\"canonical\" href=\"https:\/\/wecare4hair.com\/fr\/politique-de-confidentialite\/\" \/>\n<meta property=\"og:locale\" content=\"fr_FR\" \/>\n<meta property=\"og:type\" content=\"article\" \/>\n<meta property=\"og:title\" content=\"Privacy policy - WeCare4Hair\" \/>\n<meta property=\"og:description\" content=\"TERUG NAAR HOME Dit is de privacy policy van WeCare4Hair. In deze privacy policy wordt uitgelegd welke gegevens wij verzamelen, hoe wij aan de gegevens komen en voor welke doeleinden wij deze gebruiken. De informatie die wij over u verwerken, wordt met de grootst mogelijke zorgvuldigheid behandeld en beveiligd. Verwerking van de persoonsgegevens gebeurt op [&hellip;]\" \/>\n<meta property=\"og:url\" content=\"https:\/\/wecare4hair.com\/fr\/politique-de-confidentialite\/\" \/>\n<meta property=\"og:site_name\" content=\"WeCare4Hair\" \/>\n<meta property=\"article:publisher\" content=\"https:\/\/www.facebook.com\/WeCare4Hair\" \/>\n<meta property=\"article:modified_time\" content=\"2022-09-27T13:17:44+00:00\" \/>\n<meta property=\"og:image\" content=\"https:\/\/wecare4hair.com\/wp-content\/uploads\/2023\/03\/Wecareforhairlogo.png\" \/>\n\t<meta property=\"og:image:width\" content=\"614\" \/>\n\t<meta property=\"og:image:height\" content=\"124\" \/>\n\t<meta property=\"og:image:type\" content=\"image\/png\" \/>\n<meta name=\"twitter:card\" content=\"summary_large_image\" \/>\n<meta name=\"twitter:label1\" content=\"Dur\u00e9e de lecture estim\u00e9e\" \/>\n\t<meta name=\"twitter:data1\" content=\"3 minutes\" \/>\n<script type=\"application\/ld+json\" class=\"yoast-schema-graph\">{\"@context\":\"https:\\\/\\\/schema.org\",\"@graph\":[{\"@type\":\"WebPage\",\"@id\":\"https:\\\/\\\/wecare4hair.com\\\/privacy-policy\\\/\",\"url\":\"https:\\\/\\\/wecare4hair.com\\\/privacy-policy\\\/\",\"name\":\"Privacy policy - WeCare4Hair\",\"isPartOf\":{\"@id\":\"https:\\\/\\\/wecare4hair.com\\\/#website\"},\"datePublished\":\"2022-08-10T09:13:51+00:00\",\"dateModified\":\"2022-09-27T13:17:44+00:00\",\"breadcrumb\":{\"@id\":\"https:\\\/\\\/wecare4hair.com\\\/privacy-policy\\\/#breadcrumb\"},\"inLanguage\":\"fr-FR\",\"potentialAction\":[{\"@type\":\"ReadAction\",\"target\":[\"https:\\\/\\\/wecare4hair.com\\\/privacy-policy\\\/\"]}]},{\"@type\":\"BreadcrumbList\",\"@id\":\"https:\\\/\\\/wecare4hair.com\\\/privacy-policy\\\/#breadcrumb\",\"itemListElement\":[{\"@type\":\"ListItem\",\"position\":1,\"name\":\"Home\",\"item\":\"https:\\\/\\\/wecare4hair.com\\\/\"},{\"@type\":\"ListItem\",\"position\":2,\"name\":\"Privacy policy\"}]},{\"@type\":\"WebSite\",\"@id\":\"https:\\\/\\\/wecare4hair.com\\\/#website\",\"url\":\"https:\\\/\\\/wecare4hair.com\\\/\",\"name\":\"WeCare4Hair\",\"description\":\"Kwalitatief hoogwaardig kappersmateriaal\",\"publisher\":{\"@id\":\"https:\\\/\\\/wecare4hair.com\\\/#organization\"},\"potentialAction\":[{\"@type\":\"SearchAction\",\"target\":{\"@type\":\"EntryPoint\",\"urlTemplate\":\"https:\\\/\\\/wecare4hair.com\\\/?s={search_term_string}\"},\"query-input\":{\"@type\":\"PropertyValueSpecification\",\"valueRequired\":true,\"valueName\":\"search_term_string\"}}],\"inLanguage\":\"fr-FR\"},{\"@type\":\"Organization\",\"@id\":\"https:\\\/\\\/wecare4hair.com\\\/#organization\",\"name\":\"WeCare4Hair\",\"url\":\"https:\\\/\\\/wecare4hair.com\\\/\",\"logo\":{\"@type\":\"ImageObject\",\"inLanguage\":\"fr-FR\",\"@id\":\"https:\\\/\\\/wecare4hair.com\\\/#\\\/schema\\\/logo\\\/image\\\/\",\"url\":\"https:\\\/\\\/wecare4hair.com\\\/wp-content\\\/uploads\\\/2023\\\/03\\\/Wecareforhairlogo.png\",\"contentUrl\":\"https:\\\/\\\/wecare4hair.com\\\/wp-content\\\/uploads\\\/2023\\\/03\\\/Wecareforhairlogo.png\",\"width\":614,\"height\":124,\"caption\":\"WeCare4Hair\"},\"image\":{\"@id\":\"https:\\\/\\\/wecare4hair.com\\\/#\\\/schema\\\/logo\\\/image\\\/\"},\"sameAs\":[\"https:\\\/\\\/www.facebook.com\\\/WeCare4Hair\",\"https:\\\/\\\/www.instagram.com\\\/we_care_4_hair\\\/\"]}]}<\/script>\n<!-- \/ Yoast SEO plugin. -->","yoast_head_json":{"title":"Politique de confidentialit\u00e9 - WeCare4Hair","robots":{"index":"index","follow":"follow","max-snippet":"max-snippet:-1","max-image-preview":"max-image-preview:large","max-video-preview":"max-video-preview:-1"},"canonical":"https:\/\/wecare4hair.com\/fr\/politique-de-confidentialite\/","og_locale":"fr_FR","og_type":"article","og_title":"Privacy policy - WeCare4Hair","og_description":"TERUG NAAR HOME Dit is de privacy policy van WeCare4Hair. In deze privacy policy wordt uitgelegd welke gegevens wij verzamelen, hoe wij aan de gegevens komen en voor welke doeleinden wij deze gebruiken. De informatie die wij over u verwerken, wordt met de grootst mogelijke zorgvuldigheid behandeld en beveiligd. Verwerking van de persoonsgegevens gebeurt op [&hellip;]","og_url":"https:\/\/wecare4hair.com\/fr\/politique-de-confidentialite\/","og_site_name":"WeCare4Hair","article_publisher":"https:\/\/www.facebook.com\/WeCare4Hair","article_modified_time":"2022-09-27T13:17:44+00:00","og_image":[{"width":614,"height":124,"url":"https:\/\/wecare4hair.com\/wp-content\/uploads\/2023\/03\/Wecareforhairlogo.png","type":"image\/png"}],"twitter_card":"summary_large_image","twitter_misc":{"Dur\u00e9e de lecture estim\u00e9e":"3 minutes"},"schema":{"@context":"https:\/\/schema.org","@graph":[{"@type":"WebPage","@id":"https:\/\/wecare4hair.com\/privacy-policy\/","url":"https:\/\/wecare4hair.com\/privacy-policy\/","name":"Politique de confidentialit\u00e9 - WeCare4Hair","isPartOf":{"@id":"https:\/\/wecare4hair.com\/#website"},"datePublished":"2022-08-10T09:13:51+00:00","dateModified":"2022-09-27T13:17:44+00:00","breadcrumb":{"@id":"https:\/\/wecare4hair.com\/privacy-policy\/#breadcrumb"},"inLanguage":"fr-FR","potentialAction":[{"@type":"ReadAction","target":["https:\/\/wecare4hair.com\/privacy-policy\/"]}]},{"@type":"BreadcrumbList","@id":"https:\/\/wecare4hair.com\/privacy-policy\/#breadcrumb","itemListElement":[{"@type":"ListItem","position":1,"name":"Home","item":"https:\/\/wecare4hair.com\/"},{"@type":"ListItem","position":2,"name":"Privacy policy"}]},{"@type":"WebSite","@id":"https:\/\/wecare4hair.com\/#website","url":"https:\/\/wecare4hair.com\/","name":"WeCare4Hair","description":"Mat\u00e9riel de coiffure de haute qualit\u00e9","publisher":{"@id":"https:\/\/wecare4hair.com\/#organization"},"potentialAction":[{"@type":"SearchAction","target":{"@type":"EntryPoint","urlTemplate":"https:\/\/wecare4hair.com\/?s={search_term_string}"},"query-input":{"@type":"PropertyValueSpecification","valueRequired":true,"valueName":"search_term_string"}}],"inLanguage":"fr-FR"},{"@type":"Organization","@id":"https:\/\/wecare4hair.com\/#organization","name":"WeCare4Hair","url":"https:\/\/wecare4hair.com\/","logo":{"@type":"ImageObject","inLanguage":"fr-FR","@id":"https:\/\/wecare4hair.com\/#\/schema\/logo\/image\/","url":"https:\/\/wecare4hair.com\/wp-content\/uploads\/2023\/03\/Wecareforhairlogo.png","contentUrl":"https:\/\/wecare4hair.com\/wp-content\/uploads\/2023\/03\/Wecareforhairlogo.png","width":614,"height":124,"caption":"WeCare4Hair"},"image":{"@id":"https:\/\/wecare4hair.com\/#\/schema\/logo\/image\/"},"sameAs":["https:\/\/www.facebook.com\/WeCare4Hair","https:\/\/www.instagram.com\/we_care_4_hair\/"]}]}},"_links":{"self":[{"href":"https:\/\/wecare4hair.com\/fr\/wp-json\/wp\/v2\/pages\/153","targetHints":{"allow":["GET"]}}],"collection":[{"href":"https:\/\/wecare4hair.com\/fr\/wp-json\/wp\/v2\/pages"}],"about":[{"href":"https:\/\/wecare4hair.com\/fr\/wp-json\/wp\/v2\/types\/page"}],"author":[{"embeddable":true,"href":"https:\/\/wecare4hair.com\/fr\/wp-json\/wp\/v2\/users\/1"}],"replies":[{"embeddable":true,"href":"https:\/\/wecare4hair.com\/fr\/wp-json\/wp\/v2\/comments?post=153"}],"version-history":[{"count":0,"href":"https:\/\/wecare4hair.com\/fr\/wp-json\/wp\/v2\/pages\/153\/revisions"}],"wp:attachment":[{"href":"https:\/\/wecare4hair.com\/fr\/wp-json\/wp\/v2\/media?parent=153"}],"curies":[{"name":"wp","href":"https:\/\/api.w.org\/{rel}","templated":true}]}}